{"id":203,"date":"2018-09-14T14:19:25","date_gmt":"2018-09-14T12:19:25","guid":{"rendered":"http:\/\/www.projetconduite.fr\/?page_id=203"},"modified":"2022-01-31T15:09:01","modified_gmt":"2022-01-31T14:09:01","slug":"203-2","status":"publish","type":"page","link":"http:\/\/www.projetconduite.fr\/index.php\/203-2\/","title":{"rendered":"Formation post permis"},"content":{"rendered":"<p>Depuis le 1er janvier 2019, une formation \u00ab\u00a0post permis\u00a0\u00bb permet aux jeunes conducteurs de r\u00e9duire d&rsquo;un an l&rsquo;attente pour obtenir leurs 12 points.<\/p>\n<p>Cette formation \u00ab\u00a0post permis\u00a0\u00bb n&rsquo;est pas obligatoire et doit \u00eatre effectu\u00e9e entre les 6eme et 12eme mois qui suivent l&rsquo;obtention du permis. La dur\u00e9e est de seulement d&rsquo;une journ\u00e9e (7 heures), elle permet \u00e0 ses b\u00e9n\u00e9ficiaires de voir leur p\u00e9riode probatoire r\u00e9duite, sous r\u00e9serve de n&rsquo;avoir perdu aucun point \u00e0 cause d&rsquo;infractions.<\/p>\n<p>Et le jeu en vaut la chandelle puisque pour le d\u00e9tenteur d&rsquo;un permis B traditionnel, la p\u00e9riode probatoire se verra r\u00e9duite de 3 \u00e0 2 ans et de 2 \u00e0 1 an et demi pour celui qui aura effectu\u00e9 la conduite accompagn\u00e9e.<\/p>\n<p>Les 12 points sont ainsi plus vite r\u00e9cup\u00e9r\u00e9s.<\/p>\n<p>L\u2019auto-\u00e9cole reste \u00e0 votre disposition pour des renseignements suppl\u00e9mentaires.<\/p>\n<p><a href=\"http:\/\/www.projetconduite.fr\/wp-content\/uploads\/2022\/01\/programme-de-la-formation-complementaire.pdf\">Programme et d\u00e9roulement de cette formation \u2026.<\/a><\/p>\n\n\n<p><\/p>\n","protected":false},"excerpt":{"rendered":"<p>Depuis le 1er janvier 2019, une formation &laquo;&nbsp;post permis&nbsp;&raquo; permet aux jeunes conducteurs de r&eacute;duire d&rsquo;un an l&rsquo;attente pour obtenir leurs 12 points. Cette formation &laquo;&nbsp;post permis&nbsp;&raquo; n&rsquo;est pas obligatoire et doit &ecirc;tre effectu&eacute;e entre les 6eme et 12eme mois qui suivent l&rsquo;obtention du permis. La dur&eacute;e est de seulement d&rsquo;une journ&eacute;e (7 heures), elle &hellip; <\/p>\n<p class=\"link-more\"><a href=\"http:\/\/www.projetconduite.fr\/index.php\/203-2\/\" class=\"more-link\">Continuer la lecture<span class=\"screen-reader-text\"> de &laquo;&nbsp;Formation post permis&nbsp;&raquo;<\/span><\/a><\/p>\n","protected":false},"author":1,"featured_media":0,"parent":0,"menu_order":0,"comment_status":"closed","ping_status":"closed","template":"","meta":{"footnotes":""},"yoast_head":"<!-- This site is optimized with the Yoast SEO plugin v22.6 - https:\/\/yoast.com\/wordpress\/plugins\/seo\/ -->\n<title>Formation post permis - Projet Conduite<\/title>\n<meta name=\"description\" content=\"Bienvenue sur notre site Un rythme de formation personnalis\u00e9 Votre auto-\u00e9cole \u00e0 Dreux Votre auto-\u00e9cole Projet-Conduite\" \/>\n<meta name=\"robots\" content=\"index, follow, max-snippet:-1, max-image-preview:large, max-video-preview:-1\" \/>\n<link rel=\"canonical\" href=\"http:\/\/www.projetconduite.fr\/index.php\/203-2\/\" \/>\n<meta property=\"og:locale\" content=\"fr_FR\" \/>\n<meta property=\"og:type\" content=\"article\" \/>\n<meta property=\"og:title\" content=\"Formation post permis - Projet Conduite\" \/>\n<meta property=\"og:description\" content=\"Bienvenue sur notre site Un rythme de formation personnalis\u00e9 Votre auto-\u00e9cole \u00e0 Dreux Votre auto-\u00e9cole Projet-Conduite\" \/>\n<meta property=\"og:url\" content=\"http:\/\/www.projetconduite.fr\/index.php\/203-2\/\" \/>\n<meta property=\"og:site_name\" content=\"Projet Conduite\" \/>\n<meta property=\"article:publisher\" content=\"https:\/\/fr-fr.facebook.com\/prjetconduite\/\" \/>\n<meta property=\"article:modified_time\" content=\"2022-01-31T14:09:01+00:00\" \/>\n<meta name=\"twitter:card\" content=\"summary_large_image\" \/>\n<meta name=\"twitter:label1\" content=\"Dur\u00e9e de lecture estim\u00e9e\" \/>\n\t<meta name=\"twitter:data1\" content=\"1 minute\" \/>\n<script type=\"application\/ld+json\" class=\"yoast-schema-graph\">{\"@context\":\"https:\/\/schema.org\",\"@graph\":[{\"@type\":\"WebPage\",\"@id\":\"http:\/\/www.projetconduite.fr\/index.php\/203-2\/\",\"url\":\"http:\/\/www.projetconduite.fr\/index.php\/203-2\/\",\"name\":\"Formation post permis - Projet Conduite\",\"isPartOf\":{\"@id\":\"https:\/\/www.projetconduite.fr\/#website\"},\"datePublished\":\"2018-09-14T12:19:25+00:00\",\"dateModified\":\"2022-01-31T14:09:01+00:00\",\"description\":\"Bienvenue sur notre site Un rythme de formation personnalis\u00e9 Votre auto-\u00e9cole \u00e0 Dreux Votre auto-\u00e9cole Projet-Conduite\",\"breadcrumb\":{\"@id\":\"http:\/\/www.projetconduite.fr\/index.php\/203-2\/#breadcrumb\"},\"inLanguage\":\"fr-FR\",\"potentialAction\":[{\"@type\":\"ReadAction\",\"target\":[\"http:\/\/www.projetconduite.fr\/index.php\/203-2\/\"]}]},{\"@type\":\"BreadcrumbList\",\"@id\":\"http:\/\/www.projetconduite.fr\/index.php\/203-2\/#breadcrumb\",\"itemListElement\":[{\"@type\":\"ListItem\",\"position\":1,\"name\":\"Accueil\",\"item\":\"https:\/\/www.projetconduite.fr\/\"},{\"@type\":\"ListItem\",\"position\":2,\"name\":\"Formation post permis\"}]},{\"@type\":\"WebSite\",\"@id\":\"https:\/\/www.projetconduite.fr\/#website\",\"url\":\"https:\/\/www.projetconduite.fr\/\",\"name\":\"Projet Conduite\",\"description\":\"Nous concr\u00e9tisons votre projet de permis voiture\",\"publisher\":{\"@id\":\"https:\/\/www.projetconduite.fr\/#organization\"},\"potentialAction\":[{\"@type\":\"SearchAction\",\"target\":{\"@type\":\"EntryPoint\",\"urlTemplate\":\"https:\/\/www.projetconduite.fr\/?s={search_term_string}\"},\"query-input\":\"required name=search_term_string\"}],\"inLanguage\":\"fr-FR\"},{\"@type\":\"Organization\",\"@id\":\"https:\/\/www.projetconduite.fr\/#organization\",\"name\":\"Projet Conduite\",\"url\":\"https:\/\/www.projetconduite.fr\/\",\"logo\":{\"@type\":\"ImageObject\",\"inLanguage\":\"fr-FR\",\"@id\":\"https:\/\/www.projetconduite.fr\/#\/schema\/logo\/image\/\",\"url\":\"http:\/\/www.projetconduite.fr\/wp-content\/uploads\/2018\/07\/Logo-long-gros.png\",\"contentUrl\":\"http:\/\/www.projetconduite.fr\/wp-content\/uploads\/2018\/07\/Logo-long-gros.png\",\"width\":528,\"height\":126,\"caption\":\"Projet Conduite\"},\"image\":{\"@id\":\"https:\/\/www.projetconduite.fr\/#\/schema\/logo\/image\/\"},\"sameAs\":[\"https:\/\/fr-fr.facebook.com\/prjetconduite\/\"]}]}<\/script>\n<!-- \/ Yoast SEO plugin. -->","yoast_head_json":{"title":"Formation post permis - Projet Conduite","description":"Bienvenue sur notre site Un rythme de formation personnalis\u00e9 Votre auto-\u00e9cole \u00e0 Dreux Votre auto-\u00e9cole Projet-Conduite","robots":{"index":"index","follow":"follow","max-snippet":"max-snippet:-1","max-image-preview":"max-image-preview:large","max-video-preview":"max-video-preview:-1"},"canonical":"http:\/\/www.projetconduite.fr\/index.php\/203-2\/","og_locale":"fr_FR","og_type":"article","og_title":"Formation post permis - Projet Conduite","og_description":"Bienvenue sur notre site Un rythme de formation personnalis\u00e9 Votre auto-\u00e9cole \u00e0 Dreux Votre auto-\u00e9cole Projet-Conduite","og_url":"http:\/\/www.projetconduite.fr\/index.php\/203-2\/","og_site_name":"Projet Conduite","article_publisher":"https:\/\/fr-fr.facebook.com\/prjetconduite\/","article_modified_time":"2022-01-31T14:09:01+00:00","twitter_card":"summary_large_image","twitter_misc":{"Dur\u00e9e de lecture estim\u00e9e":"1 minute"},"schema":{"@context":"https:\/\/schema.org","@graph":[{"@type":"WebPage","@id":"http:\/\/www.projetconduite.fr\/index.php\/203-2\/","url":"http:\/\/www.projetconduite.fr\/index.php\/203-2\/","name":"Formation post permis - Projet Conduite","isPartOf":{"@id":"https:\/\/www.projetconduite.fr\/#website"},"datePublished":"2018-09-14T12:19:25+00:00","dateModified":"2022-01-31T14:09:01+00:00","description":"Bienvenue sur notre site Un rythme de formation personnalis\u00e9 Votre auto-\u00e9cole \u00e0 Dreux Votre auto-\u00e9cole Projet-Conduite","breadcrumb":{"@id":"http:\/\/www.projetconduite.fr\/index.php\/203-2\/#breadcrumb"},"inLanguage":"fr-FR","potentialAction":[{"@type":"ReadAction","target":["http:\/\/www.projetconduite.fr\/index.php\/203-2\/"]}]},{"@type":"BreadcrumbList","@id":"http:\/\/www.projetconduite.fr\/index.php\/203-2\/#breadcrumb","itemListElement":[{"@type":"ListItem","position":1,"name":"Accueil","item":"https:\/\/www.projetconduite.fr\/"},{"@type":"ListItem","position":2,"name":"Formation post permis"}]},{"@type":"WebSite","@id":"https:\/\/www.projetconduite.fr\/#website","url":"https:\/\/www.projetconduite.fr\/","name":"Projet Conduite","description":"Nous concr\u00e9tisons votre projet de permis voiture","publisher":{"@id":"https:\/\/www.projetconduite.fr\/#organization"},"potentialAction":[{"@type":"SearchAction","target":{"@type":"EntryPoint","urlTemplate":"https:\/\/www.projetconduite.fr\/?s={search_term_string}"},"query-input":"required name=search_term_string"}],"inLanguage":"fr-FR"},{"@type":"Organization","@id":"https:\/\/www.projetconduite.fr\/#organization","name":"Projet Conduite","url":"https:\/\/www.projetconduite.fr\/","logo":{"@type":"ImageObject","inLanguage":"fr-FR","@id":"https:\/\/www.projetconduite.fr\/#\/schema\/logo\/image\/","url":"http:\/\/www.projetconduite.fr\/wp-content\/uploads\/2018\/07\/Logo-long-gros.png","contentUrl":"http:\/\/www.projetconduite.fr\/wp-content\/uploads\/2018\/07\/Logo-long-gros.png","width":528,"height":126,"caption":"Projet Conduite"},"image":{"@id":"https:\/\/www.projetconduite.fr\/#\/schema\/logo\/image\/"},"sameAs":["https:\/\/fr-fr.facebook.com\/prjetconduite\/"]}]}},"_links":{"self":[{"href":"http:\/\/www.projetconduite.fr\/index.php\/wp-json\/wp\/v2\/pages\/203"}],"collection":[{"href":"http:\/\/www.projetconduite.fr\/index.php\/wp-json\/wp\/v2\/pages"}],"about":[{"href":"http:\/\/www.projetconduite.fr\/index.php\/wp-json\/wp\/v2\/types\/page"}],"author":[{"embeddable":true,"href":"http:\/\/www.projetconduite.fr\/index.php\/wp-json\/wp\/v2\/users\/1"}],"replies":[{"embeddable":true,"href":"http:\/\/www.projetconduite.fr\/index.php\/wp-json\/wp\/v2\/comments?post=203"}],"version-history":[{"count":6,"href":"http:\/\/www.projetconduite.fr\/index.php\/wp-json\/wp\/v2\/pages\/203\/revisions"}],"predecessor-version":[{"id":438,"href":"http:\/\/www.projetconduite.fr\/index.php\/wp-json\/wp\/v2\/pages\/203\/revisions\/438"}],"wp:attachment":[{"href":"http:\/\/www.projetconduite.fr\/index.php\/wp-json\/wp\/v2\/media?parent=203"}],"curies":[{"name":"wp","href":"https:\/\/api.w.org\/{rel}","templated":true}]}}