{"id":90,"date":"2018-07-22T18:06:50","date_gmt":"2018-07-22T16:06:50","guid":{"rendered":"http:\/\/www.projetconduite.fr\/?page_id=90"},"modified":"2018-07-22T18:06:50","modified_gmt":"2018-07-22T16:06:50","slug":"lexamen-pratique","status":"publish","type":"page","link":"http:\/\/www.projetconduite.fr\/index.php\/lexamen-pratique\/","title":{"rendered":"L\u2019examen pratique"},"content":{"rendered":"<ol>\n<li><strong><u> Informations :<\/u><\/strong><\/li>\n<\/ol>\n<p>Pour pouvoir passer l\u2019examen pratique, il faut avoir obtenu l\u2019examen th\u00e9orique g\u00e9n\u00e9ral du permis de conduire (code de la route).Le nombre maximum de pr\u00e9sentations \u00e0 cet examen est de 5 sur une p\u00e9riode de 5 ans \u00e0 compter de la r\u00e9ussite de votre examen th\u00e9orique g\u00e9n\u00e9ral du permis de conduire.<\/p>\n<p>Quand ? Lorsque l\u2019ensemble des comp\u00e9tences requises sera valid\u00e9 et que vous avez atteint un niveau permis.<\/p>\n<ol start=\"2\">\n<li><strong><u> Avant l\u2019examen<\/u><\/strong> :<\/li>\n<\/ol>\n<p>Soyez \u00e0 l\u2019heure le jour J, et v\u00e9rifiez bien que vous avez pris votre pi\u00e8ce d\u2019identit\u00e9 et votre livret d\u2019apprentissage.<\/p>\n<p>Votre examinateur sera amen\u00e9 \u00e0 effectuer le contr\u00f4le de ces documents avant le d\u00e9but de l\u2019examen.<\/p>\n<ol start=\"3\">\n<li><strong><u> Pendant l\u2019examen :<\/u><\/strong><\/li>\n<\/ol>\n<p>Vous allez \u00eatre \u00e9valu\u00e9 sur un parcours qui comporte des passages en et hors agglom\u00e9ration. Votre examinateur va v\u00e9rifier votre capacit\u00e9 \u00e0 d\u00e9celer les changements de contexte sur la route et \u00e0 vous y adapter.<\/p>\n<p>Dans tous les cas il faudra conduire de fa\u00e7on effective et \u00e0 allure soutenue sur route et sur autoroute. Votre examinateur va vous donner des instructions directionnelles simples. Cependant, avec le stress, il est possible que vous ne compreniez pas ou que vous n\u2019ayez pas entendu ce qu\u2019il vous a dit, dans ce cas n\u2019h\u00e9sitez surtout pas \u00e0 le faire r\u00e9p\u00e9ter plut\u00f4t que de commettre une erreur.<\/p>\n<p>Votre mission est de lui faire partager votre assurance et votre autonomie au volant. Il faudra \u00e9galement lui monter que vous avez conscience des risques gr\u00e2ce \u00e0 votre conduite en toute s\u00e9curit\u00e9.<\/p>\n<p>Votre conduite va \u00eatre ponctu\u00e9e par plusieurs \u00ab sous \u00e9preuves \u00bb :<\/p>\n<p><u>1 Test de vue :<\/u><\/p>\n<p>L\u2019examinateur pourra par exemple vous demander de lire la plaque d\u2019immatriculation de la voiture se trouvant devant vous, ou de lire une inscription sur un panneau pour v\u00e9rifier votre vue.<\/p>\n<p><u>2 V\u00e9rifications int\u00e9rieures et ext\u00e9rieures :<\/u><\/p>\n<p>Lors de votre passage \u00e0 l&rsquo;examen pratique du permis de conduire, l&rsquo;inspecteur va vous demander de proc\u00e9der \u00e0 3 v\u00e9rifications, qui comptent pour 3 points :<\/p>\n<ul>\n<li>une v\u00e9rification int\u00e9rieure\/ext\u00e9rieur du v\u00e9hicule : 1 point<\/li>\n<li>une v\u00e9rification de s\u00e9curit\u00e9 routi\u00e8re : 1 point<\/li>\n<li>une question sur les\u00a0 premier secours\u00a0 : 1 point<\/li>\n<\/ul>\n<p><u>1 freinage de pr\u00e9cision :<\/u><\/p>\n<p>La r\u00e9alisation d\u2019un freinage de pr\u00e9cision devra \u00eatre r\u00e9alis\u00e9 soit \u00e0 l\u2019occasion d&rsquo;un arr\u00eat impos\u00e9 par la signalisation ou en utilisant un rep\u00e8re vertical pr\u00e9cis et visible, selon les consignes de votre examinateur.<\/p>\n<p><u>Une Man\u0153uvre en marche arri\u00e8re :<\/u><\/p>\n<p>La r\u00e9alisation d\u2019une des 6 man\u0153uvres en marche arri\u00e8re choisie par l\u2019expert qui d\u00e9termine le moment (marche arri\u00e8re en ligne droite ; marche arri\u00e8re en arrondi ou en angle ; rangement en cr\u00e9neau ; rangement en \u00e9pi ; rangement en bataille ; demi- tour)<\/p>\n<p>On vous jugera surtout sur votre capacit\u00e9 \u00e0 maintenir la s\u00e9curit\u00e9 pendant votre man\u0153uvre et sur votre technicit\u00e9.<\/p>\n<p>Un bon conseil : Gardez votre calme, vous ne jouez pas votre vie et en plus \u00e7a ne dure que 32 minutes !<\/p>\n<p>Bar\u00e8me et notation :<\/p>\n<p>Cet examen est not\u00e9 sur 31 points. Pour \u00eatre admis il faut obtenir au minimum 20 points et ne pas commettre de faute \u00e9liminatoire.<\/p>\n<p><u>Il y a 5 niveaux d&rsquo;appr\u00e9ciation :<\/u><\/p>\n<p>E : faute \u00e9liminatoire (elle entra\u00eene syst\u00e9matiquement l\u2019\u00e9chec du candidat \u00e0 l\u2019examen, elle se d\u00e9finit par un comportement dangereux du candidat, se mettant en danger, ou mettant en danger les usagers.<\/p>\n<p>0 : le candidat n\u2019obtient pas de point pour cette comp\u00e9tence mais n\u2019a pas commis de faute grave et \u00e9liminatoire.<\/p>\n<p>1 : 1 point obtenu. La comp\u00e9tence est en cours d\u2019acquisition mais est toutefois encore mal maitris\u00e9e. Elle a \u00e9t\u00e9 mise en \u0153uvre pendant l\u2019examen de mani\u00e8re incompl\u00e8te.<\/p>\n<p>2 : 2 points obtenus : La comp\u00e9tence est acquise. Elle a \u00e9t\u00e9 mise en \u0153uvre pendant l\u2019examen \u00e0 des niveaux de qualit\u00e9 variable.<\/p>\n<p>3 : 3 points obtenus. La comp\u00e9tence est correctement et r\u00e9guli\u00e8rement restitu\u00e9e. Le candidat a su la mettre en \u0153uvre \u00e0 chaque fois que cela \u00e9tait n\u00e9cessaire.<\/p>\n<p>Quel que soit l\u2019erreur que vous avez commise, si l\u2019inspecteur intervient physiquement sur les p\u00e9dales ou le volant, cela sera forc\u00e9ment consid\u00e9r\u00e9 comme une faute \u00e9liminatoire.<\/p>\n<p>Dans ce cas, dites-vous que c\u2019est un mal pour un bien. Pensez aux d\u00e9g\u00e2ts, s\u2019il n\u2019avait pas \u00e9t\u00e9 pr\u00e9sent !<\/p>\n<p>&nbsp;<\/p>\n<p><strong>A noter : une intervention verbale de l\u2019examinateur n\u2019est pas forc\u00e9ment synonyme d\u2019\u00e9limination.<\/strong><\/p>\n<p>Il a le droit de vous faire des remarques sur votre conduite et cela est une bonne chose. Vous restez un jeune conducteur avec des qualit\u00e9s et des d\u00e9fauts qui sont pardonnables. Servez-vous alors de ses conseils pour mieux faire !<\/p>\n","protected":false},"excerpt":{"rendered":"<p>Informations : Pour pouvoir passer l&rsquo;examen pratique, il faut avoir obtenu l&rsquo;examen th&eacute;orique g&eacute;n&eacute;ral du permis de conduire (code de la route).Le nombre maximum de pr&eacute;sentations &agrave; cet examen est de 5 sur une p&eacute;riode de 5 ans &agrave; compter de la r&eacute;ussite de votre examen th&eacute;orique g&eacute;n&eacute;ral du permis de conduire. Quand ? Lorsque &hellip; <\/p>\n<p class=\"link-more\"><a href=\"http:\/\/www.projetconduite.fr\/index.php\/lexamen-pratique\/\" class=\"more-link\">Continuer la lecture<span class=\"screen-reader-text\"> de &laquo;&nbsp;L\u2019examen pratique&nbsp;&raquo;<\/span><\/a><\/p>\n","protected":false},"author":1,"featured_media":0,"parent":0,"menu_order":0,"comment_status":"closed","ping_status":"closed","template":"","meta":{"footnotes":""},"yoast_head":"<!-- This site is optimized with the Yoast SEO plugin v22.6 - https:\/\/yoast.com\/wordpress\/plugins\/seo\/ -->\n<title>L\u2019examen pratique - Projet Conduite<\/title>\n<meta name=\"description\" content=\"Bienvenue sur notre site Un rythme de formation personnalis\u00e9 Votre auto-\u00e9cole \u00e0 Dreux Votre auto-\u00e9cole Projet-Conduite\" \/>\n<meta name=\"robots\" content=\"index, follow, max-snippet:-1, max-image-preview:large, max-video-preview:-1\" \/>\n<link rel=\"canonical\" href=\"https:\/\/www.projetconduite.fr\/index.php\/lexamen-pratique\/\" \/>\n<meta property=\"og:locale\" content=\"fr_FR\" \/>\n<meta property=\"og:type\" content=\"article\" \/>\n<meta property=\"og:title\" content=\"L\u2019examen pratique - Projet Conduite\" \/>\n<meta property=\"og:description\" content=\"Bienvenue sur notre site Un rythme de formation personnalis\u00e9 Votre auto-\u00e9cole \u00e0 Dreux Votre auto-\u00e9cole Projet-Conduite\" \/>\n<meta property=\"og:url\" content=\"https:\/\/www.projetconduite.fr\/index.php\/lexamen-pratique\/\" \/>\n<meta property=\"og:site_name\" content=\"Projet Conduite\" \/>\n<meta property=\"article:publisher\" content=\"https:\/\/fr-fr.facebook.com\/prjetconduite\/\" \/>\n<meta name=\"twitter:card\" content=\"summary_large_image\" \/>\n<meta name=\"twitter:label1\" content=\"Dur\u00e9e de lecture estim\u00e9e\" \/>\n\t<meta name=\"twitter:data1\" content=\"4 minutes\" \/>\n<script type=\"application\/ld+json\" class=\"yoast-schema-graph\">{\"@context\":\"https:\/\/schema.org\",\"@graph\":[{\"@type\":\"WebPage\",\"@id\":\"https:\/\/www.projetconduite.fr\/index.php\/lexamen-pratique\/\",\"url\":\"https:\/\/www.projetconduite.fr\/index.php\/lexamen-pratique\/\",\"name\":\"L\u2019examen pratique - Projet Conduite\",\"isPartOf\":{\"@id\":\"http:\/\/www.projetconduite.fr\/#website\"},\"datePublished\":\"2018-07-22T16:06:50+00:00\",\"dateModified\":\"2018-07-22T16:06:50+00:00\",\"description\":\"Bienvenue sur notre site Un rythme de formation personnalis\u00e9 Votre auto-\u00e9cole \u00e0 Dreux Votre auto-\u00e9cole Projet-Conduite\",\"breadcrumb\":{\"@id\":\"https:\/\/www.projetconduite.fr\/index.php\/lexamen-pratique\/#breadcrumb\"},\"inLanguage\":\"fr-FR\",\"potentialAction\":[{\"@type\":\"ReadAction\",\"target\":[\"https:\/\/www.projetconduite.fr\/index.php\/lexamen-pratique\/\"]}]},{\"@type\":\"BreadcrumbList\",\"@id\":\"https:\/\/www.projetconduite.fr\/index.php\/lexamen-pratique\/#breadcrumb\",\"itemListElement\":[{\"@type\":\"ListItem\",\"position\":1,\"name\":\"Accueil\",\"item\":\"http:\/\/www.projetconduite.fr\/\"},{\"@type\":\"ListItem\",\"position\":2,\"name\":\"L\u2019examen pratique\"}]},{\"@type\":\"WebSite\",\"@id\":\"http:\/\/www.projetconduite.fr\/#website\",\"url\":\"http:\/\/www.projetconduite.fr\/\",\"name\":\"Projet Conduite\",\"description\":\"Nous concr\u00e9tisons votre projet de permis voiture\",\"publisher\":{\"@id\":\"http:\/\/www.projetconduite.fr\/#organization\"},\"potentialAction\":[{\"@type\":\"SearchAction\",\"target\":{\"@type\":\"EntryPoint\",\"urlTemplate\":\"http:\/\/www.projetconduite.fr\/?s={search_term_string}\"},\"query-input\":\"required name=search_term_string\"}],\"inLanguage\":\"fr-FR\"},{\"@type\":\"Organization\",\"@id\":\"http:\/\/www.projetconduite.fr\/#organization\",\"name\":\"Projet Conduite\",\"url\":\"http:\/\/www.projetconduite.fr\/\",\"logo\":{\"@type\":\"ImageObject\",\"inLanguage\":\"fr-FR\",\"@id\":\"http:\/\/www.projetconduite.fr\/#\/schema\/logo\/image\/\",\"url\":\"http:\/\/www.projetconduite.fr\/wp-content\/uploads\/2018\/07\/Logo-long-gros.png\",\"contentUrl\":\"http:\/\/www.projetconduite.fr\/wp-content\/uploads\/2018\/07\/Logo-long-gros.png\",\"width\":528,\"height\":126,\"caption\":\"Projet Conduite\"},\"image\":{\"@id\":\"http:\/\/www.projetconduite.fr\/#\/schema\/logo\/image\/\"},\"sameAs\":[\"https:\/\/fr-fr.facebook.com\/prjetconduite\/\"]}]}<\/script>\n<!-- \/ Yoast SEO plugin. -->","yoast_head_json":{"title":"L\u2019examen pratique - Projet Conduite","description":"Bienvenue sur notre site Un rythme de formation personnalis\u00e9 Votre auto-\u00e9cole \u00e0 Dreux Votre auto-\u00e9cole Projet-Conduite","robots":{"index":"index","follow":"follow","max-snippet":"max-snippet:-1","max-image-preview":"max-image-preview:large","max-video-preview":"max-video-preview:-1"},"canonical":"https:\/\/www.projetconduite.fr\/index.php\/lexamen-pratique\/","og_locale":"fr_FR","og_type":"article","og_title":"L\u2019examen pratique - Projet Conduite","og_description":"Bienvenue sur notre site Un rythme de formation personnalis\u00e9 Votre auto-\u00e9cole \u00e0 Dreux Votre auto-\u00e9cole Projet-Conduite","og_url":"https:\/\/www.projetconduite.fr\/index.php\/lexamen-pratique\/","og_site_name":"Projet Conduite","article_publisher":"https:\/\/fr-fr.facebook.com\/prjetconduite\/","twitter_card":"summary_large_image","twitter_misc":{"Dur\u00e9e de lecture estim\u00e9e":"4 minutes"},"schema":{"@context":"https:\/\/schema.org","@graph":[{"@type":"WebPage","@id":"https:\/\/www.projetconduite.fr\/index.php\/lexamen-pratique\/","url":"https:\/\/www.projetconduite.fr\/index.php\/lexamen-pratique\/","name":"L\u2019examen pratique - Projet Conduite","isPartOf":{"@id":"http:\/\/www.projetconduite.fr\/#website"},"datePublished":"2018-07-22T16:06:50+00:00","dateModified":"2018-07-22T16:06:50+00:00","description":"Bienvenue sur notre site Un rythme de formation personnalis\u00e9 Votre auto-\u00e9cole \u00e0 Dreux Votre auto-\u00e9cole Projet-Conduite","breadcrumb":{"@id":"https:\/\/www.projetconduite.fr\/index.php\/lexamen-pratique\/#breadcrumb"},"inLanguage":"fr-FR","potentialAction":[{"@type":"ReadAction","target":["https:\/\/www.projetconduite.fr\/index.php\/lexamen-pratique\/"]}]},{"@type":"BreadcrumbList","@id":"https:\/\/www.projetconduite.fr\/index.php\/lexamen-pratique\/#breadcrumb","itemListElement":[{"@type":"ListItem","position":1,"name":"Accueil","item":"http:\/\/www.projetconduite.fr\/"},{"@type":"ListItem","position":2,"name":"L\u2019examen pratique"}]},{"@type":"WebSite","@id":"http:\/\/www.projetconduite.fr\/#website","url":"http:\/\/www.projetconduite.fr\/","name":"Projet Conduite","description":"Nous concr\u00e9tisons votre projet de permis voiture","publisher":{"@id":"http:\/\/www.projetconduite.fr\/#organization"},"potentialAction":[{"@type":"SearchAction","target":{"@type":"EntryPoint","urlTemplate":"http:\/\/www.projetconduite.fr\/?s={search_term_string}"},"query-input":"required name=search_term_string"}],"inLanguage":"fr-FR"},{"@type":"Organization","@id":"http:\/\/www.projetconduite.fr\/#organization","name":"Projet Conduite","url":"http:\/\/www.projetconduite.fr\/","logo":{"@type":"ImageObject","inLanguage":"fr-FR","@id":"http:\/\/www.projetconduite.fr\/#\/schema\/logo\/image\/","url":"http:\/\/www.projetconduite.fr\/wp-content\/uploads\/2018\/07\/Logo-long-gros.png","contentUrl":"http:\/\/www.projetconduite.fr\/wp-content\/uploads\/2018\/07\/Logo-long-gros.png","width":528,"height":126,"caption":"Projet Conduite"},"image":{"@id":"http:\/\/www.projetconduite.fr\/#\/schema\/logo\/image\/"},"sameAs":["https:\/\/fr-fr.facebook.com\/prjetconduite\/"]}]}},"_links":{"self":[{"href":"http:\/\/www.projetconduite.fr\/index.php\/wp-json\/wp\/v2\/pages\/90"}],"collection":[{"href":"http:\/\/www.projetconduite.fr\/index.php\/wp-json\/wp\/v2\/pages"}],"about":[{"href":"http:\/\/www.projetconduite.fr\/index.php\/wp-json\/wp\/v2\/types\/page"}],"author":[{"embeddable":true,"href":"http:\/\/www.projetconduite.fr\/index.php\/wp-json\/wp\/v2\/users\/1"}],"replies":[{"embeddable":true,"href":"http:\/\/www.projetconduite.fr\/index.php\/wp-json\/wp\/v2\/comments?post=90"}],"version-history":[{"count":1,"href":"http:\/\/www.projetconduite.fr\/index.php\/wp-json\/wp\/v2\/pages\/90\/revisions"}],"predecessor-version":[{"id":91,"href":"http:\/\/www.projetconduite.fr\/index.php\/wp-json\/wp\/v2\/pages\/90\/revisions\/91"}],"wp:attachment":[{"href":"http:\/\/www.projetconduite.fr\/index.php\/wp-json\/wp\/v2\/media?parent=90"}],"curies":[{"name":"wp","href":"https:\/\/api.w.org\/{rel}","templated":true}]}}